{"id":2543,"date":"2023-04-19T08:55:26","date_gmt":"2023-04-19T06:55:26","guid":{"rendered":"https:\/\/raigfotograf.com\/politica-de-cookies\/"},"modified":"2025-10-02T10:24:18","modified_gmt":"2025-10-02T08:24:18","slug":"politica-de-cookies","status":"publish","type":"page","link":"https:\/\/raigfotograf.com\/ca\/politica-de-cookies\/","title":{"rendered":"Pol\u00edtica de Cookies"},"content":{"rendered":"<h2>Pol\u00edtica de Cookies<\/h2>\n<p>Us informem que aquesta web \u00e9s titularitat de Xavier Raig Montsant, (d&#8217;ara endavant \u201cRAIGFOTOGRAF\u201d), amb CIF: 38801912S, amb domicili al C\/Lleida, 33 2on 2a, a Pineda de Mar (08397); tel\u00e8fon 930135747; correu electr\u00f2nic: raigfotografs@gmail.com.<\/p>\n<p>RAIGFOTOGRAF, a trav\u00e9s del present document, recull la seva Pol\u00edtica de recollida i tractament de cookies, en compliment del que disposa larticle 22.2 de la Llei 34\/2002, de 11 de juliol, de Serveis de la societat de la Informaci\u00f3 i de Comer\u00e7 Electr\u00f2nic (LSSI-CE).<\/p>\n<p>Les cookies s&#8217;emmagatzemen a l&#8217;equip terminal de l&#8217;usuari (ordinador o dispositiu m\u00f2bil) i recopilen informaci\u00f3 en visitar la p\u00e0gina web www.raigfotograf.com, per tal de millorar-ne la usabilitat, con\u00e8ixer els h\u00e0bits o necessitats de navegaci\u00f3 dels usuaris per poder adaptar-s&#8217;hi, aix\u00ed com obtenir informaci\u00f3 amb fins estad\u00edstiques. En el cas d&#8217;aquells usuaris que ja siguin clients, la informaci\u00f3 recollida amb les cookies servir\u00e0 tamb\u00e9 per a la seva identificaci\u00f3 en accedir a les diferents eines que es posen a la vostra disposici\u00f3 per a la gesti\u00f3 dels serveis.<\/p>\n<p>Aquesta Pol\u00edtica de cookies ser\u00e0 aplicable a aquells usuaris que volunt\u00e0riament visitin les p\u00e0gines web de RAIGFOTOGRAF, omplin formularis de recollida de dades, accedeixin a les eines que RAIGFOTOGRAF posa a disposici\u00f3 dels seus clients per gestionar els seus serveis, o utilitzin qualsevol altre servei present al lloc web que impliqui la comunicaci\u00f3 de dades a RAIGFOTOGRAF, o l&#8217;acc\u00e9s a dades per RAIGFOTOGRAF per a la prestaci\u00f3 dels seus serveis.<\/p>\n<p>RAIGFOTOGRAF informa els usuaris de les seves p\u00e0gines web, de l&#8217;exist\u00e8ncia de cookies i posa a la vostra disposici\u00f3 aquesta Pol\u00edtica amb la finalitat d&#8217;informar-los sobre l&#8217;\u00fas i l&#8217;objecte d&#8217;aquestes. El fet de continuar la navegaci\u00f3 a trav\u00e9s de les p\u00e0gines, suposa el coneixement i l&#8217;acceptaci\u00f3 de la present Pol\u00edtica per part d&#8217;aquests usuaris.<\/p>\n<p>RAIGFOTOGRAF utilitza els seg\u00fcents tipus de cookies:<\/p>\n<p><strong>Classificades segons la titularitat:<\/strong><br \/>\n*Cookies pr\u00f2pies: enviades i gestionades directament per RAIGFOTOGRAF<br \/>\n*Cookies de tercers: enviades i gestionades per un tercer ali\u00e8 a RAIGFOTOGRAF, de forma an\u00f2nima, per tal de realitzar estudis estad\u00edstics de navegaci\u00f3 per les p\u00e0gines web de RAIGFOTOGRAF.<\/p>\n<p><strong>Classificades segons la finalitat:<\/strong><br \/>\n*Cookies t\u00e8cniques i\/o de personalitzaci\u00f3: faciliten la navegaci\u00f3 en identificar la sessi\u00f3, permetre l&#8217;acc\u00e9s a eines d&#8217;acc\u00e9s restringit, a m\u00e9s de configurar a mida les opcions disponibles. Possibiliten la prestaci\u00f3 del servei sol\u00b7licitat pr\u00e8viament per lusuari.<\/p>\n<p>*Cookies d&#8217;an\u00e0lisi i\/o publicitat: permeten con\u00e8ixer el nombre de visites rebudes a les diferents seccions de les p\u00e0gines web, els h\u00e0bits i tend\u00e8ncies dels seus usuaris i en conseq\u00fc\u00e8ncia, poder millorar la navegaci\u00f3 i el servei ofert per RAIGFOTOGRAF (fonamentalment, Google Analytics*), aix\u00ed com gestionar els espais publicitaris inclosos a la p\u00e0gina web visitada per lusuari. Recull dades de forma an\u00f2nima per obtenir perfils de navegaci\u00f3 dels usuaris.<\/p>\n<p><strong>Classificades segons la durada:<\/strong><br \/>\n*Cookies de sessi\u00f3: recullen i emmagatzemen les dades mentre l&#8217;usuari accedeix a la p\u00e0gina web.<br \/>\n*Cookies persistents: recapten i emmagatzemen les dades al terminal de l&#8217;usuari durant un per\u00edode de temps variable en funci\u00f3 de qu\u00e8 sigui la finalitat per a la qual han estat utilitzades.<\/p>\n<p>El temps de conservaci\u00f3 de les galetes dependr\u00e0 del tipus de qu\u00e8 es tracti i sempre ser\u00e0 el m\u00ednim indispensable per complir la seva finalitat.<\/p>\n<p>En qualsevol cas, els usuaris poden configurar el navegador, de manera que es desactivi o bloquegi la recepci\u00f3 de totes o algunes de les galetes. El fet de no desitjar rebre aquestes cookies no constitueix un impediment per poder accedir a la informaci\u00f3 dels llocs web de RAIGFOTOGRAF encara que l&#8217;\u00fas d&#8217;alguns serveis podr\u00e0 ser limitat. Si un cop atorgat el consentiment per a la recepci\u00f3 de cookies es vol retirar-lo, s&#8217;hauran d&#8217;eliminar aquelles galetes emmagatzemades a l&#8217;equip de l&#8217;usuari, a trav\u00e9s de les opcions dels diferents navegadors.<\/p>\n<p>&nbsp;<\/p>\n<p><strong><style>\n    #ct-ultimate-gdpr-cookie-modal-body h1,\n    #ct-ultimate-gdpr-cookie-modal-body h2,\n    #ct-ultimate-gdpr-cookie-modal-body h3,\n    #ct-ultimate-gdpr-cookie-modal-body h4,\n    #ct-ultimate-gdpr-cookie-modal-body h5,\n    #ct-ultimate-gdpr-cookie-modal-body h6 {\n        color: #595959;\n    }\n<\/style>\n\n    <a href=\"#\" class=\"ct-ultimate-triggler-modal-sc\">Canviar la configuraci\u00f3 de les Cookies<\/a>\n<div id=\"ct-ultimate-gdpr-cookie-modal\" class=\"ct-ultimate-gdpr--Groups-3\" style=\"display:none;\">\n\n    <!-- Modal content -->\n    <div class=\"ct-ultimate-gdpr-cookie-modal-content \">\n\t\t            <div id=\"ct-ultimate-gdpr-cookie-modal-close\"><\/div>\n\t\t        <div id=\"ct-ultimate-gdpr-cookie-modal-body\"\n             class=\"ct-ultimate-gdpr-slider-not-block\">\n\n\t\t\t\n\t\t\t                <div style=\"color: #797979\"> <h2>Ajustaments de privadesa<\/h2>\n<div class=\"ct-ultimate-gdpr-cookie-modal-desc\">\n\nDecidiu quines cookies voleu permetre.\n\nPodeu canviar aquests par\u00e0metres en qualsevol moment. Aix\u00f2 no obstant, aix\u00f2 pot fer que algunes funcions deixin d'estar disponibles. Per obtenir informaci\u00f3 sobre eliminar les galetes, si us plau consulteu la funci\u00f3 d'ajuda del vostre navegador.\n\nM\u00c9S INFORMACI\u00d3 SOBRE LES COOKIES QUE USEM.<\/div>\n<h3>Amb el bot\u00f3 lliscant, podeu habilitar o deshabilitar els diferents tipus de cookies:<\/h3> <\/div>\n\n\t\t\t            <form action=\"#\" id=\"ct-ultimate-gdpr-cookie-modal-slider-form\">\n                <div class=\"ct-ultimate-gdpr-slider\"><\/div>\n                <ul class=\"ct-ultimate-gdpr-cookie-modal-slider\">\n\t\t\t\t\t\t\t\t\t\t\t\t\t\t\t\t                        <li id=\"ct-ultimate-gdpr-cookie-modal-slider-item-block\"\n                            class=\"ct-ultimate-gdpr-cookie-modal-slider-item \"\n                            data-count=\"1\">\n                            <div>\n                                <img decoding=\"async\" class=\"lazyload ct-svg\"\n                                     src=\"data:image\/gif;base64,R0lGODlhAQABAAAAACH5BAEKAAEALAAAAAABAAEAAAICTAEAOw==\" data-orig-src=\"https:\/\/raigfotograf.com\/wp-content\/plugins\/ct-ultimate-gdpr\/assets\/css\/images\/block-all.svg\"\n                                     alt=\"Block all\">\n                            <\/div>\n                            <input type=\"radio\" id=\"cookie0\"\n                                   name=\"radio-group\"                                    class=\"ct-ultimate-gdpr-cookie-modal-slider-radio\"\n                                   value=\"1\"\n                                   data-count=\"1\">\n                            <label for=\"cookie0\"\n                                   style=\"color: #595959;\">\n\t\t\t\t\t\t\t\tbloquejar tot                            <\/label>\n                        <\/li>\n\n\t\t\t\t\t\n\t\t\t\t\t\t\t\t\t\t\t                        <li class=\"ct-ultimate-gdpr-cookie-modal-slider-item \">\n                            <div>\n                                <img decoding=\"async\" class=\"lazyload ct-svg\"\n                                     src=\"data:image\/gif;base64,R0lGODlhAQABAAAAACH5BAEKAAEALAAAAAABAAEAAAICTAEAOw==\" data-orig-src=\"https:\/\/raigfotograf.com\/wp-content\/plugins\/ct-ultimate-gdpr\/assets\/css\/images\/essential.svg\"\n                                     alt=\"Essential\">\n                            <\/div>\n                            <input data-count=\"2\" type=\"radio\" id=\"cookie1\"\n                                   name=\"radio-group\"                                    class=\"ct-ultimate-gdpr-cookie-modal-slider-radio\"\n                                   value=\"2\">\n                            <label for=\"cookie1\"\n                                   style=\"color: #595959;\">\n\t\t\t\t\t\t\t\tessencials                            <\/label>\n                        <\/li>\n\n\t\t\t\t\t\n\t\t\t\t\t\t\t\t\t\t\t                        <li class=\"ct-ultimate-gdpr-cookie-modal-slider-item ct-ultimate-gdpr-cookie-modal-slider-item--active\"\n                            data-count=\"3\">\n                            <div>\n                                <img decoding=\"async\" class=\"lazyload ct-svg\"\n                                     src=\"data:image\/gif;base64,R0lGODlhAQABAAAAACH5BAEKAAEALAAAAAABAAEAAAICTAEAOw==\" data-orig-src=\"https:\/\/raigfotograf.com\/wp-content\/plugins\/ct-ultimate-gdpr\/assets\/css\/images\/functionality.svg\"\n                                     alt=\"Functionality\">\n                            <\/div>\n                            <input data-count=\"3\" type=\"radio\" id=\"cookie2\"\n                                   name=\"radio-group\" checked                                   class=\"ct-ultimate-gdpr-cookie-modal-slider-radio\"\n                                   value=\"3\">\n                            <label for=\"cookie2\"\n                                   style=\"color: #595959;\">\n\t\t\t\t\t\t\t\tfuncionalitat                            <\/label>\n                        <\/li>\n\n\t\t\t\t\t\n\t\t\t\t\t\n\t\t\t\t\t\t\t\t\t\t\n\t\t\t\t\t\n                <\/ul>\n\n            <\/form>\n\t\t\t            <div class=\"ct-ultimate-gdpr-cookie-modal-slider-wrap\">\n\t\t\t\t\n\n                <div class=\"ct-ultimate-gdpr-cookie-modal-slider-inner-wrap\">\n                                            <div class=\"ct-ultimate-gdpr-cookie-modal-slider-info cookie0\">\n                            <div class=\"ct-ultimate-gdpr-cookie-modal-slider-desc\">\n                                <h4 style=\"color: #595959;\">Aquest lloc web<\/h4>\n                                <ul class=\"ct-ultimate-gdpr-cookie-modal-slider-able\"\n                                    style=\"color: #797979;\">\n                                                                    <\/ul>\n                            <\/div>\n                            <div class=\"ct-ultimate-gdpr-cookie-modal-slider-desc\">\n                                <h4 style=\"color: #595959;\">Aquest lloc web no<\/h4>\n                                <ul class=\"ct-ultimate-gdpr-cookie-modal-slider-not-able\"\n                                    style=\"color: #797979;\">\n                                                                    <\/ul>\n                            <\/div>\n                            <div class=\"ct-clearfix\"><\/div>\n                        <\/div>\n                                            <div class=\"ct-ultimate-gdpr-cookie-modal-slider-info cookie1\">\n                            <div class=\"ct-ultimate-gdpr-cookie-modal-slider-desc\">\n                                <h4 style=\"color: #595959;\">Aquest lloc web<\/h4>\n                                <ul class=\"ct-ultimate-gdpr-cookie-modal-slider-able\"\n                                    style=\"color: #797979;\">\n                                    <li>Essencial: Recordar els ajustaments de permisos de cookies<\/li><li>Essencial: Permetre cookies de sessi\u00f3<\/li><li>Essencial: Recopilar la informaci\u00f3 que introdu\u00efu al formulari de contacte d&#039;un butllet\u00ed informatiu i altres formularis a totes les p\u00e0gines<\/li><li>Essencial: Fer un seguiment del que introdu\u00efu a la cistella de la compra<\/li><li>Essencial: Verifiqueu que heu iniciat sessi\u00f3 al vostre compte d&#039;usuari<\/li><li>Essencial: Recordar la versi\u00f3 de l&#039;idioma seleccionat<\/li>                                <\/ul>\n                            <\/div>\n                            <div class=\"ct-ultimate-gdpr-cookie-modal-slider-desc\">\n                                <h4 style=\"color: #595959;\">Aquest lloc web no<\/h4>\n                                <ul class=\"ct-ultimate-gdpr-cookie-modal-slider-not-able\"\n                                    style=\"color: #797979;\">\n                                    <li>Recordeu les dades d&#039;inici de sessi\u00f3<\/li><li>Funcionalitat: Recordar els ajustaments de xarxes socials<\/li><li>Funcionalitat: Recordar el pa\u00eds i la regi\u00f3 seleccionats<\/li><li>An\u00e0lisi: Fer un seguiment de les p\u00e0gines visitades i de la interacci\u00f3 en aquestes<\/li><li>An\u00e0lisi: Fer un seguiment de la ubicaci\u00f3 i la regi\u00f3 segons ladre\u00e7a IP<\/li><li>An\u00e0lisi: Fer un seguiment del temps passat a cada p\u00e0gina<\/li><li>An\u00e0lisi: Augmentar la qualitat de les dades de les funcions estad\u00edstiques<\/li><li>Publicitat: Adaptar la informaci\u00f3 i la publicitat als seus interessos segons, per exemple, el contingut que ha visitat abans. (Actualment no fem servir segmentaci\u00f3 ni cookies de segmentaci\u00f3)<\/li><li>Publicitat: Recopilar informaci\u00f3 personalment identificable com el nom i la ubicaci\u00f3<\/li>                                <\/ul>\n                            <\/div>\n                            <div class=\"ct-clearfix\"><\/div>\n                        <\/div>\n                                            <div class=\"ct-ultimate-gdpr-cookie-modal-slider-info cookie2\">\n                            <div class=\"ct-ultimate-gdpr-cookie-modal-slider-desc\">\n                                <h4 style=\"color: #595959;\">Aquest lloc web<\/h4>\n                                <ul class=\"ct-ultimate-gdpr-cookie-modal-slider-able\"\n                                    style=\"color: #797979;\">\n                                    <li>Essencial: Recordar els ajustaments de permisos de cookies<\/li><li>Essencial: Permetre cookies de sessi\u00f3<\/li><li>Essencial: Recopilar la informaci\u00f3 que introdu\u00efu al formulari de contacte d&#039;un butllet\u00ed informatiu i altres formularis a totes les p\u00e0gines<\/li><li>Essencial: Fer un seguiment del que introdu\u00efu a la cistella de la compra<\/li><li>Essencial: Verifiqueu que heu iniciat sessi\u00f3 al vostre compte d&#039;usuari<\/li><li>Essencial: Recordar la versi\u00f3 de l&#039;idioma seleccionat<\/li><li>Funcionalitat: Recordar tots els ajustaments de xarxes socials<\/li><li>Funcionalitat: Recordar el pa\u00eds i la regi\u00f3 seleccionats<\/li>                                <\/ul>\n                            <\/div>\n                            <div class=\"ct-ultimate-gdpr-cookie-modal-slider-desc\">\n                                <h4 style=\"color: #595959;\">Aquest lloc web no<\/h4>\n                                <ul class=\"ct-ultimate-gdpr-cookie-modal-slider-not-able\"\n                                    style=\"color: #797979;\">\n                                    <li>An\u00e0lisi: Fer un seguiment de les p\u00e0gines visitades i de la interacci\u00f3 en aquestes<\/li><li>An\u00e0lisi: Fer un seguiment de la ubicaci\u00f3 i la regi\u00f3 segons ladre\u00e7a IP<\/li><li>An\u00e0lisi: Fer un seguiment del temps passat a cada p\u00e0gina<\/li><li>An\u00e0lisi: Augmentar la qualitat de les dades de les funcions estad\u00edstiques<\/li><li>Publicitat: Adaptar la informaci\u00f3 i la publicitat als seus interessos segons, per exemple, el contingut que ha visitat abans. (Actualment no fem servir segmentaci\u00f3 ni cookies de segmentaci\u00f3)<\/li><li>Publicitat: Recopilar informaci\u00f3 personalment identificable com el nom i la ubicaci\u00f3<\/li>                                <\/ul>\n                            <\/div>\n                            <div class=\"ct-clearfix\"><\/div>\n                        <\/div>\n                                            <div class=\"ct-ultimate-gdpr-cookie-modal-slider-info cookie3\">\n                            <div class=\"ct-ultimate-gdpr-cookie-modal-slider-desc\">\n                                <h4 style=\"color: #595959;\">Aquest lloc web<\/h4>\n                                <ul class=\"ct-ultimate-gdpr-cookie-modal-slider-able\"\n                                    style=\"color: #797979;\">\n                                    <li>Essencial: Recordar els ajustaments de permisos de cookies<\/li><li>Essencial: Permetre cookies de sessi\u00f3<\/li><li>Essencial: Recopilar la informaci\u00f3 que introdu\u00efu al formulari de contacte d&#039;un butllet\u00ed informatiu i altres formularis a totes les p\u00e0gines<\/li><li>Essencial: Fer un seguiment del que introdu\u00efu a la cistella de la compra<\/li><li>Essencial: Verifiqueu que heu iniciat sessi\u00f3 al vostre compte d&#039;usuari<\/li><li>Essencial: Recordar la versi\u00f3 de l&#039;idioma seleccionat<\/li><li>Funcionalitat: Recordar tots els ajustaments de xarxes socials<\/li><li>Funcionalitat: Recordar el pa\u00eds i la regi\u00f3 seleccionats<\/li><li>An\u00e0lisi: Fer un seguiment de les p\u00e0gines visitades i de la interacci\u00f3 en aquestes<\/li><li>An\u00e0lisi: Fer un seguiment de la ubicaci\u00f3 i la regi\u00f3 segons ladre\u00e7a IP<\/li><li>An\u00e0lisi: Fer un seguiment del temps passat a cada p\u00e0gina<\/li><li>An\u00e0lisi: Augmentar la qualitat de les dades de les funcions estad\u00edstiques<\/li>                                <\/ul>\n                            <\/div>\n                            <div class=\"ct-ultimate-gdpr-cookie-modal-slider-desc\">\n                                <h4 style=\"color: #595959;\">Aquest lloc web no<\/h4>\n                                <ul class=\"ct-ultimate-gdpr-cookie-modal-slider-not-able\"\n                                    style=\"color: #797979;\">\n                                    <li>Publicitat: Adaptar la informaci\u00f3 i la publicitat als seus interessos segons, per exemple, el contingut que ha visitat abans. (Actualment no fem servir segmentaci\u00f3 ni cookies de segmentaci\u00f3)<\/li><li>Publicitat: Recopilar informaci\u00f3 personalment identificable com el nom i la ubicaci\u00f3<\/li>                                <\/ul>\n                            <\/div>\n                            <div class=\"ct-clearfix\"><\/div>\n                        <\/div>\n                                            <div class=\"ct-ultimate-gdpr-cookie-modal-slider-info cookie4\">\n                            <div class=\"ct-ultimate-gdpr-cookie-modal-slider-desc\">\n                                <h4 style=\"color: #595959;\">Aquest lloc web<\/h4>\n                                <ul class=\"ct-ultimate-gdpr-cookie-modal-slider-able\"\n                                    style=\"color: #797979;\">\n                                    <li>Funcionalitat: Recordar els ajustaments de xarxes socials<\/li><li>Funcionalitat: Recordar el pa\u00eds i la regi\u00f3 seleccionats<\/li><li>An\u00e0lisi: Fer un seguiment de les p\u00e0gines visitades i de la interacci\u00f3 en aquestes<\/li><li>An\u00e0lisi: Fer un seguiment de la ubicaci\u00f3 i la regi\u00f3 segons ladre\u00e7a IP<\/li><li>An\u00e0lisi: Fer un seguiment del temps passat a cada p\u00e0gina<\/li><li>An\u00e0lisi: Augmentar la qualitat de les dades de les funcions estad\u00edstiques<\/li><li>Publicitat: Adaptar la informaci\u00f3 i la publicitat als seus interessos segons, per exemple, el contingut que ha visitat abans. (Actualment no fem servir segmentaci\u00f3 ni cookies de segmentaci\u00f3)<\/li><li>Publicitat: Recopilar informaci\u00f3 personalment identificable com el nom i la ubicaci\u00f3<\/li>                                <\/ul>\n                            <\/div>\n                            <div class=\"ct-ultimate-gdpr-cookie-modal-slider-desc\">\n                                <h4 style=\"color: #595959;\">Aquest lloc web no<\/h4>\n                                <ul class=\"ct-ultimate-gdpr-cookie-modal-slider-not-able\"\n                                    style=\"color: #797979;\">\n                                    <li>Recordar los datos de inicio de sesi\u00f3n<\/li>                                <\/ul>\n                            <\/div>\n                            <div class=\"ct-clearfix\"><\/div>\n                        <\/div>\n                                    <\/div>\n\n                            <\/div>\n            <div class=\"ct-ultimate-gdpr-cookie-modal-btn save\">\n                <a href=\"#\">Desa i tancar<\/a>\n            <\/div>\n        <\/div>\n    <\/div>\n<\/div>\n<\/strong><\/p>\n<p>&nbsp;<\/p>\n        <div class=\"ct-ultimate-gdpr-container\">\n            <label for=\"ct-ultimate-gdpr-party-filter\"> First or Third Party Filter<\/label>\n            <select name=\"ct-ultimate-gdpr-party-filter\" id=\"ct-ultimate-gdpr-party-filter\">\n                <option value=\"\">Any<\/option>\n                <option value=\"Primera part\">Primera part<\/option>\n                <option value=\"Tercera pat\">Tercera pat<\/option>\n            <\/select>\n        <\/div>\n        <div id=\"ct-ultimate-gdpr-cookies-table\" class=\"ct-ultimate-gdpr-table-responsive table-responsive\">\n            <table>\n                <thead>\n                    <tr>\n                        <th>\n                            Nom de la Cookie                        <\/th>\n                        <th>\n                            Tipus de Cookie                        <\/th>\n                        <th>\n                            Primera o Tercera part\t                        <\/th>\n                        <th>\n                            Es pot bloquejar                        <\/th>\n                        <th>\n                            Sessi\u00f3 o Persistent                        <\/th>\n                        <th>\n                            Temps de caducitat                        <\/th>\n                        <th>\n                            Prop\u00f2sit                        <\/th>\n                    <\/tr>\n                <\/thead>\n                <tbody><\/tbody>\n            <\/table>\n        <\/div>\n\t\t\n<p>&nbsp;<\/p>\n<p>La forma de configurar els diferents navegadors per exercitar les accions assenyalades als par\u00e0grafs anteriors, es pot consultar a:<\/p>\n<p>Explorer: <a href=\"https:\/\/support.microsoft.com\/es-es\/help\/17479\/windows-internet-explorer-11-change-security-privacy-settings\" target=\"_blank\" rel=\"noopener noreferrer\">https:\/\/support.microsoft.com\/es-es\/help\/17479\/windows-internet-explorer-11-change-security-privacy-settings<\/a><br \/>\nChrome: <a href=\"https:\/\/support.google.com\/chrome\/answer\/95647?hl=es\" target=\"_blank\" rel=\"noopener noreferrer\">https:\/\/support.google.com\/chrome\/answer\/95647?hl=es<\/a><br \/>\nFirefox: <a href=\"http:\/\/support.mozilla.org\/es\/kb\/cookies-informacion-que-los-sitios-web-guardan-en-?redirectlocale=en-US&amp;redirectslug=Cookies\" target=\"_blank\" rel=\"noopener noreferrer\">http:\/\/support.mozilla.org\/es\/kb\/cookies-informacion-que-los-sitios-web-guardan-en-?redirectlocale=en-US&amp;redirectslug=Cookies<\/a><br \/>\nSafari: <a href=\"https:\/\/support.apple.com\/kb\/ph21411?locale=es_ES\" target=\"_blank\" rel=\"noopener noreferrer\">https:\/\/support.apple.com\/kb\/ph21411?locale=es_ES<\/a><\/p>\n","protected":false},"excerpt":{"rendered":"<p>  [&#8230;]<\/p>\n","protected":false},"author":2,"featured_media":0,"parent":0,"menu_order":0,"comment_status":"closed","ping_status":"open","template":"","meta":{"_acf_changed":false,"footnotes":""},"class_list":["post-2543","page","type-page","status-publish","hentry"],"acf":[],"yoast_head":"<!-- This site is optimized with the Yoast SEO plugin v27.5 - https:\/\/yoast.com\/product\/yoast-seo-wordpress\/ -->\n<title>Pol\u00edtica de Cookies - Raig fot\u00f2graf<\/title>\n<meta name=\"robots\" content=\"index, follow, max-snippet:-1, max-image-preview:large, max-video-preview:-1\" \/>\n<link rel=\"canonical\" href=\"https:\/\/raigfotograf.com\/ca\/politica-de-cookies\/\" \/>\n<meta property=\"og:locale\" content=\"ca_ES\" \/>\n<meta property=\"og:type\" content=\"article\" \/>\n<meta property=\"og:title\" content=\"Pol\u00edtica de Cookies - Raig fot\u00f2graf\" \/>\n<meta property=\"og:description\" content=\"[...]\" \/>\n<meta property=\"og:url\" content=\"https:\/\/raigfotograf.com\/ca\/politica-de-cookies\/\" \/>\n<meta property=\"og:site_name\" content=\"Raig fot\u00f2graf\" \/>\n<meta property=\"article:modified_time\" content=\"2025-10-02T08:24:18+00:00\" \/>\n<meta name=\"twitter:card\" content=\"summary_large_image\" \/>\n<meta name=\"twitter:label1\" content=\"Temps estimat de lectura\" \/>\n\t<meta name=\"twitter:data1\" content=\"8 minuts\" \/>\n<script type=\"application\/ld+json\" class=\"yoast-schema-graph\">{\"@context\":\"https:\\\/\\\/schema.org\",\"@graph\":[{\"@type\":\"WebPage\",\"@id\":\"https:\\\/\\\/raigfotograf.com\\\/ca\\\/politica-de-cookies\\\/\",\"url\":\"https:\\\/\\\/raigfotograf.com\\\/ca\\\/politica-de-cookies\\\/\",\"name\":\"Pol\u00edtica de Cookies - Raig fot\u00f2graf\",\"isPartOf\":{\"@id\":\"https:\\\/\\\/raigfotograf.com\\\/#website\"},\"datePublished\":\"2023-04-19T06:55:26+00:00\",\"dateModified\":\"2025-10-02T08:24:18+00:00\",\"breadcrumb\":{\"@id\":\"https:\\\/\\\/raigfotograf.com\\\/ca\\\/politica-de-cookies\\\/#breadcrumb\"},\"inLanguage\":\"ca\",\"potentialAction\":[{\"@type\":\"ReadAction\",\"target\":[\"https:\\\/\\\/raigfotograf.com\\\/ca\\\/politica-de-cookies\\\/\"]}]},{\"@type\":\"BreadcrumbList\",\"@id\":\"https:\\\/\\\/raigfotograf.com\\\/ca\\\/politica-de-cookies\\\/#breadcrumb\",\"itemListElement\":[{\"@type\":\"ListItem\",\"position\":1,\"name\":\"Portada\",\"item\":\"https:\\\/\\\/raigfotograf.com\\\/home\\\/\"},{\"@type\":\"ListItem\",\"position\":2,\"name\":\"Pol\u00edtica de Cookies\"}]},{\"@type\":\"WebSite\",\"@id\":\"https:\\\/\\\/raigfotograf.com\\\/#website\",\"url\":\"https:\\\/\\\/raigfotograf.com\\\/\",\"name\":\"Raig fot\u00f2graf\",\"description\":\"Estudio de fotograf\u00eda\",\"potentialAction\":[{\"@type\":\"SearchAction\",\"target\":{\"@type\":\"EntryPoint\",\"urlTemplate\":\"https:\\\/\\\/raigfotograf.com\\\/?s={search_term_string}\"},\"query-input\":{\"@type\":\"PropertyValueSpecification\",\"valueRequired\":true,\"valueName\":\"search_term_string\"}}],\"inLanguage\":\"ca\"}]}<\/script>\n<!-- \/ Yoast SEO plugin. -->","yoast_head_json":{"title":"Pol\u00edtica de Cookies - Raig fot\u00f2graf","robots":{"index":"index","follow":"follow","max-snippet":"max-snippet:-1","max-image-preview":"max-image-preview:large","max-video-preview":"max-video-preview:-1"},"canonical":"https:\/\/raigfotograf.com\/ca\/politica-de-cookies\/","og_locale":"ca_ES","og_type":"article","og_title":"Pol\u00edtica de Cookies - Raig fot\u00f2graf","og_description":"[...]","og_url":"https:\/\/raigfotograf.com\/ca\/politica-de-cookies\/","og_site_name":"Raig fot\u00f2graf","article_modified_time":"2025-10-02T08:24:18+00:00","twitter_card":"summary_large_image","twitter_misc":{"Temps estimat de lectura":"8 minuts"},"schema":{"@context":"https:\/\/schema.org","@graph":[{"@type":"WebPage","@id":"https:\/\/raigfotograf.com\/ca\/politica-de-cookies\/","url":"https:\/\/raigfotograf.com\/ca\/politica-de-cookies\/","name":"Pol\u00edtica de Cookies - Raig fot\u00f2graf","isPartOf":{"@id":"https:\/\/raigfotograf.com\/#website"},"datePublished":"2023-04-19T06:55:26+00:00","dateModified":"2025-10-02T08:24:18+00:00","breadcrumb":{"@id":"https:\/\/raigfotograf.com\/ca\/politica-de-cookies\/#breadcrumb"},"inLanguage":"ca","potentialAction":[{"@type":"ReadAction","target":["https:\/\/raigfotograf.com\/ca\/politica-de-cookies\/"]}]},{"@type":"BreadcrumbList","@id":"https:\/\/raigfotograf.com\/ca\/politica-de-cookies\/#breadcrumb","itemListElement":[{"@type":"ListItem","position":1,"name":"Portada","item":"https:\/\/raigfotograf.com\/home\/"},{"@type":"ListItem","position":2,"name":"Pol\u00edtica de Cookies"}]},{"@type":"WebSite","@id":"https:\/\/raigfotograf.com\/#website","url":"https:\/\/raigfotograf.com\/","name":"Raig fot\u00f2graf","description":"Estudio de fotograf\u00eda","potentialAction":[{"@type":"SearchAction","target":{"@type":"EntryPoint","urlTemplate":"https:\/\/raigfotograf.com\/?s={search_term_string}"},"query-input":{"@type":"PropertyValueSpecification","valueRequired":true,"valueName":"search_term_string"}}],"inLanguage":"ca"}]}},"_links":{"self":[{"href":"https:\/\/raigfotograf.com\/ca\/wp-json\/wp\/v2\/pages\/2543","targetHints":{"allow":["GET"]}}],"collection":[{"href":"https:\/\/raigfotograf.com\/ca\/wp-json\/wp\/v2\/pages"}],"about":[{"href":"https:\/\/raigfotograf.com\/ca\/wp-json\/wp\/v2\/types\/page"}],"author":[{"embeddable":true,"href":"https:\/\/raigfotograf.com\/ca\/wp-json\/wp\/v2\/users\/2"}],"replies":[{"embeddable":true,"href":"https:\/\/raigfotograf.com\/ca\/wp-json\/wp\/v2\/comments?post=2543"}],"version-history":[{"count":1,"href":"https:\/\/raigfotograf.com\/ca\/wp-json\/wp\/v2\/pages\/2543\/revisions"}],"predecessor-version":[{"id":2866,"href":"https:\/\/raigfotograf.com\/ca\/wp-json\/wp\/v2\/pages\/2543\/revisions\/2866"}],"wp:attachment":[{"href":"https:\/\/raigfotograf.com\/ca\/wp-json\/wp\/v2\/media?parent=2543"}],"curies":[{"name":"wp","href":"https:\/\/api.w.org\/{rel}","templated":true}]}}